{"id":4974,"date":"2023-01-17T13:59:46","date_gmt":"2023-01-17T13:59:46","guid":{"rendered":"https:\/\/www.ggaparapente.com\/?page_id=4974"},"modified":"2024-08-01T23:13:56","modified_gmt":"2024-08-01T23:13:56","slug":"questions-frequemment-posees-avant-le-parapente","status":"publish","type":"page","link":"https:\/\/www.ggaparapente.com\/fr\/questions-frequemment-posees-avant-le-parapente\/","title":{"rendered":"Preguntas frecuentes antes de volar en parapente"},"content":{"rendered":"<div class=\"wp-block-cover alignfull has-contrast-color has-text-color has-link-color wp-elements-e8c3f97f3c888405b35ad5f1792a8be7\" style=\"min-height:86px;aspect-ratio:unset;\"><span aria-hidden=\"true\" class=\"wp-block-cover__background has-base-3-background-color has-background-dim-100 has-background-dim\"><\/span><div class=\"wp-block-cover__inner-container is-layout-flow wp-block-cover-is-layout-flow\">\n<h1 class=\"wp-block-heading has-text-align-center has-large-font-size\" style=\"font-style:normal;font-weight:700\">Questions fr\u00e9quemment pos\u00e9es <\/h1>\n<\/div><\/div>\n\n\n\n<div class=\"wp-block-cover alignfull\" style=\"min-height:135px;aspect-ratio:unset;\"><span aria-hidden=\"true\" class=\"wp-block-cover__background has-base-3-background-color has-background-dim-100 has-background-dim\"><\/span><div class=\"wp-block-cover__inner-container is-layout-flow wp-block-cover-is-layout-flow\">\n<h2 class=\"wp-block-heading has-text-align-center has-base-3-color has-text-color has-background has-medium-font-size\" style=\"background-color:#782dfb;font-style:normal;font-weight:700\"><strong>Y a-t-il une limite de poids, d'\u00e2ge ou de taille ?<\/strong><\/h2>\n\n\n\n<p class=\"has-text-align-center has-contrast-color has-base-3-background-color has-text-color has-background has-link-color has-small-font-size wp-elements-66031ddab2b8d8ff85ade0132bc84983\"><strong>Le poids doit \u00eatre compris entre 20 et 100 kg, avec un suppl\u00e9ment de 30 euros pour les personnes pesant plus de 90 kg. Il n'y a pas d'\u00e2ge minimum, mais l'\u00e2ge maximum est de 70 ans. La taille minimale des enfants est de 100 cm, et la taille maximale autoris\u00e9e est de 200 cm.<\/strong><\/p>\n<\/div><\/div>\n\n\n\n<div class=\"wp-block-cover alignfull\" style=\"min-height:135px;aspect-ratio:unset;\"><span aria-hidden=\"true\" class=\"wp-block-cover__background has-base-3-background-color has-background-dim-100 has-background-dim\"><\/span><div class=\"wp-block-cover__inner-container is-layout-flow wp-block-cover-is-layout-flow\">\n<h2 class=\"wp-block-heading has-text-align-center has-base-3-color has-text-color has-background has-medium-font-size\" style=\"background-color:#782dfb;font-style:normal;font-weight:700\">J'ai facilement des vertiges Puis-je prendre l'avion ?<\/h2>\n\n\n\n<p class=\"has-text-align-center has-contrast-color has-base-3-background-color has-text-color has-background has-link-color has-small-font-size wp-elements-720911f1c98e3fe4f4a1bcac8c53e428\"><strong>Les vertiges sont l'inconv\u00e9nient le plus fr\u00e9quent du parapente. Une ou deux personnes sur dix peuvent ressentir ce sympt\u00f4me en raison de la fa\u00e7on dont le parapente se d\u00e9place dans l'air. L'excitation du moment et le fait de regarder constamment autour de soi n'arrangent rien. La meilleure chose \u00e0 faire est de garder les yeux sur l'horizon et de respirer lentement. Si vous allez faire un vol en parapente et que vous \u00eates sujet aux vertiges, il est conseill\u00e9 de prendre de la \"Biodramine\" une demi-heure avant le vol. Il n'est pas courant que nos passagers aient des vertiges, mais si vous en avez tr\u00e8s facilement, vous pouvez prendre un rem\u00e8de contre les vertiges. Il est conseill\u00e9 d'acheter celui qui contient de la caf\u00e9ine, car il provoque une certaine somnolence, mais ne vous inqui\u00e9tez pas... Vous ne vous endormirez pas en parapente !<\/strong><\/p>\n<\/div><\/div>\n\n\n\n<div class=\"wp-block-cover alignfull\" style=\"min-height:135px;aspect-ratio:unset;\"><span aria-hidden=\"true\" class=\"wp-block-cover__background has-base-3-background-color has-background-dim-100 has-background-dim\"><\/span><div class=\"wp-block-cover__inner-container is-layout-flow wp-block-cover-is-layout-flow\">\n<h2 class=\"wp-block-heading has-text-align-center has-base-3-color has-text-color has-background has-medium-font-size\" style=\"background-color:#782dfb;font-style:normal;font-weight:700\">J'ai le vertige, est-ce que je peux voler ?<\/h2>\n\n\n\n<p class=\"has-text-align-center has-contrast-color has-base-3-background-color has-text-color has-background has-link-color has-small-font-size wp-elements-4f0587b6aee69e76b4e6d4b5a3727b21\"><strong>Bien s\u00fbr que oui ! Le vertige est souvent confondu avec la peur du vide. Dans le cas du vertige, il s'agit d'une perte d'\u00e9quilibre et donc de s\u00e9curit\u00e9 lorsque l'on regarde en l'air depuis un endroit \u00e9lev\u00e9. Comme nous n'avons aucun point de r\u00e9f\u00e9rence \u00e0 proximit\u00e9, ce ph\u00e9nom\u00e8ne inconfortable appara\u00eet. Mais en parapente, la position que nous prenons d\u00e8s le d\u00e9part est assise, donc nous n'avons pas besoin d'\u00e9quilibre et ce sentiment d'ins\u00e9curit\u00e9 n'appara\u00eet pas. Tous nos passagers en font l'exp\u00e9rience tous les jours et sont agr\u00e9ablement surpris. Ce n'est pas le cas de la phobie des hauteurs, si c'est votre cas, il vaut mieux rester sur la terre ferme...<\/strong><\/p>\n<\/div><\/div>\n\n\n\n<div class=\"wp-block-cover alignfull\" style=\"min-height:135px;aspect-ratio:unset;\"><span aria-hidden=\"true\" class=\"wp-block-cover__background has-base-3-background-color has-background-dim-100 has-background-dim\"><\/span><div class=\"wp-block-cover__inner-container is-layout-flow wp-block-cover-is-layout-flow\">\n<h2 class=\"wp-block-heading has-text-align-center has-base-3-color has-text-color has-background has-medium-font-size\" style=\"background-color:#782dfb;font-style:normal;font-weight:700\">Puis-je faire du parapente apr\u00e8s avoir fait de la plong\u00e9e sous-marine ?<\/h2>\n\n\n\n<p class=\"has-text-align-center has-contrast-color has-base-3-background-color has-text-color has-background has-link-color has-small-font-size wp-elements-c64d27c6297e993323da946ecd19cf7c\"><strong>Oui !!!, \u00e0 condition que la plong\u00e9e ne soit pas sup\u00e9rieure \u00e0 10 m. Si la plong\u00e9e est sup\u00e9rieure \u00e0 10 m, il faut attendre au moins 24 heures avant de pratiquer l'activit\u00e9.<\/strong><\/p>\n<\/div><\/div>\n\n\n\n<div class=\"wp-block-cover alignfull\" style=\"min-height:135px;aspect-ratio:unset;\"><span aria-hidden=\"true\" class=\"wp-block-cover__background has-base-3-background-color has-background-dim-100 has-background-dim\"><\/span><div class=\"wp-block-cover__inner-container is-layout-flow wp-block-cover-is-layout-flow\">\n<h2 class=\"wp-block-heading has-text-align-center has-base-3-color has-text-color has-background has-medium-font-size\" style=\"background-color:#782dfb;font-style:normal;font-weight:700\">Quels v\u00eatements dois-je porter ?<\/h2>\n\n\n\n<p class=\"has-text-align-center has-contrast-color has-base-3-background-color has-text-color has-background has-link-color has-small-font-size wp-elements-a75c2163c1936145ce0b1059aa0a1008\"><strong>Il est toujours conseill\u00e9 de porter des v\u00eatements de sport confortables, des chaussures de sport et des lunettes de soleil sont indispensables. En \u00e9t\u00e9, un coupe-vent ou un manteau fin, comme une polaire, n'est gu\u00e8re n\u00e9cessaire. En hiver, il est pr\u00e9f\u00e9rable de porter des v\u00eatements chauds et de ne pas oublier les gants ! Entre les deux saisons, mieux vaut en faire trop que pas assez. Un manteau coupe-vent et un pantalon long.<\/strong><\/p>\n<\/div><\/div>\n\n\n\n<div class=\"wp-block-cover alignfull\" style=\"min-height:135px;aspect-ratio:unset;\"><span aria-hidden=\"true\" class=\"wp-block-cover__background has-base-3-background-color has-background-dim-100 has-background-dim\"><\/span><div class=\"wp-block-cover__inner-container is-layout-flow wp-block-cover-is-layout-flow\">\n<h2 class=\"wp-block-heading has-text-align-center has-base-3-color has-text-color has-background has-medium-font-size\" style=\"background-color:#782dfb;font-style:normal;font-weight:700\">O\u00f9 puis-je faire du parapente \u00e0 T\u00e9n\u00e9rife ?<\/h2>\n\n\n\n<p class=\"has-text-align-center has-contrast-color has-base-3-background-color has-text-color has-background has-link-color has-small-font-size wp-elements-0927f4c3511f648e4b9bc778ac6f768c\"><strong>A Tenerife, nous avons d'innombrables d\u00e9collages tout autour de l'\u00eele, le plus beau et le plus embl\u00e9matique est le vol du Teide, nous partons des canyons du Teide et c'est le plus recommand\u00e9 pour les vols en tandem ou biplace. Pour les parapentistes qui visitent l'\u00eele.<\/strong><a href=\"https:\/\/www.ggaparapente.com\/fr\/parapente-tenerife\/sites-de-vol-en-parapente-a-tenerife\/\" data-type=\"URL\" data-id=\"https:\/\/www.ggaparapente.com\/parapente-tenerife\/zonas-de-vuelo-en-parapente-en-tenerife\/\">voir d\u00e9collages<\/a> <\/p>\n<\/div><\/div>\n\n\n\n<div class=\"wp-block-cover alignfull\" style=\"min-height:135px;aspect-ratio:unset;\"><span aria-hidden=\"true\" class=\"wp-block-cover__background has-base-3-background-color has-background-dim-100 has-background-dim\"><\/span><div class=\"wp-block-cover__inner-container is-layout-flow wp-block-cover-is-layout-flow\">\n<h2 class=\"wp-block-heading has-text-align-center has-base-3-color has-text-color has-background has-medium-font-size\" style=\"background-color:#782dfb;font-style:normal;font-weight:700\">Quelles sont les mesures de s\u00e9curit\u00e9 que nous prenons ?<\/h2>\n\n\n\n<p class=\"has-text-align-center has-contrast-color has-base-3-background-color has-text-color has-background has-link-color has-small-font-size wp-elements-1f21ab6f679d96b3a5ca3c1ed5c786c5\"><strong>D'abord et avant tout : le bon sens. Nous volons avec des passagers, les marges de s\u00e9curit\u00e9 que nous adoptons sont beaucoup plus larges que lorsque nous volons seuls. Nous ne volerons jamais dans des conditions m\u00e9t\u00e9orologiques que nous ne sommes pas en mesure de ma\u00eetriser avec aisance. Nos \u00e9quipements sont modernes, ils sont syst\u00e9matiquement chang\u00e9s tous les 2 ans, nous avons donc toujours des \u00e9quipements en parfait \u00e9tat et avec les meilleures performances du march\u00e9. Ils sont contr\u00f4l\u00e9s p\u00e9riodiquement. Nous sommes un atelier de parapente, nous disposons donc de tous les outils et de toutes les connaissances pour un entretien parfait de notre mat\u00e9riel. Parachute de secours. Tous nos \u00e9quipements sont \u00e9quip\u00e9s d'un parachute de secours int\u00e9gr\u00e9. En cas de probl\u00e8me, il y a toujours une seconde chance, mais ne vous inqui\u00e9tez pas, jusqu'\u00e0 aujourd'hui nous n'en avons jamais eu besoin.<\/strong><\/p>\n<\/div><\/div>\n\n\n\n<div class=\"wp-block-cover alignfull\" style=\"min-height:135px;aspect-ratio:unset;\"><span aria-hidden=\"true\" class=\"wp-block-cover__background has-base-3-background-color has-background-dim-100 has-background-dim\"><\/span><div class=\"wp-block-cover__inner-container is-layout-flow wp-block-cover-is-layout-flow\">\n<h2 class=\"wp-block-heading has-text-align-center has-base-3-color has-text-color has-background has-medium-font-size\" style=\"background-color:#782dfb;font-style:normal;font-weight:700\">Que se passe-t-il si le temps est mauvais le jour de mon vol ?<\/h2>\n\n\n\n<p class=\"has-text-align-center has-contrast-color has-base-3-background-color has-text-color has-background has-link-color has-small-font-size wp-elements-8f6032a77e3b7c7377a0c73b00366012\"><strong>Il est possible que les activit\u00e9s doivent \u00eatre annul\u00e9es certains jours pour des raisons de s\u00e9curit\u00e9 ou de qualit\u00e9. Si le vent est fort, le parapente n'est ni agr\u00e9able ni s\u00fbr, par cons\u00e9quent, nous vous enverrons un message d'annulation par whatsapp et nous vous proposerons d'autres dates. Toutes nos r\u00e9servations sont valables pendant trois mois \u00e0 partir de la date d'engagement, p\u00e9riode pendant laquelle vous pouvez r\u00e9server votre vol quand vous le souhaitez.<\/strong><\/p>\n<\/div><\/div>\n\n\n\n<div class=\"wp-block-cover alignfull\" style=\"min-height:135px;aspect-ratio:unset;\"><span aria-hidden=\"true\" class=\"wp-block-cover__background has-base-3-background-color has-background-dim-100 has-background-dim\"><\/span><div class=\"wp-block-cover__inner-container is-layout-flow wp-block-cover-is-layout-flow\">\n<h2 class=\"wp-block-heading has-text-align-center has-base-3-color has-text-color has-background has-medium-font-size\" style=\"background-color:#782dfb;font-style:normal;font-weight:700\">Une fois au d\u00e9collage ?<\/h2>\n\n\n\n<p class=\"has-text-align-center has-contrast-color has-base-3-background-color has-text-color has-background has-link-color has-small-font-size wp-elements-f1238c108b99df3ccf53d515cf86bd5e\"><strong>A l'\u00e9tage, dans l'aire de d\u00e9collage, vous serez brief\u00e9 par votre instructeur sur le d\u00e9collage, le vol et l'atterrissage. Une fois que vous aurez compris, votre instructeur vous demandera si vous \u00eates pr\u00eat \u00e0 voler ! Profitez de votre vol en parapente.<\/strong><\/p>\n<\/div><\/div>\n\n\n\n<div class=\"wp-block-cover alignfull\" style=\"min-height:135px;aspect-ratio:unset;\"><span aria-hidden=\"true\" class=\"wp-block-cover__background has-base-3-background-color has-background-dim-100 has-background-dim\"><\/span><div class=\"wp-block-cover__inner-container is-layout-flow wp-block-cover-is-layout-flow\">\n<h2 class=\"wp-block-heading has-text-align-center has-base-3-color has-text-color has-background has-medium-font-size\" style=\"background-color:#782dfb;font-style:normal;font-weight:700\">Une fois le paiement effectu\u00e9 ?<\/h2>\n\n\n\n<p class=\"has-text-align-center has-contrast-color has-base-3-background-color has-text-color has-background has-link-color has-small-font-size wp-elements-96394d3b795c90eb9bdd26c336e49003\"><strong>Il vous suffit de nous contacter par whatsapp, de nous indiquer le mode de paiement que vous avez choisi, si c'est par virement bancaire nous vous demanderons une preuve de paiement, si c'est par un autre mode de paiement nous v\u00e9rifierons simplement que c'est fait et nous vous demanderons la date et l'heure \u00e0 laquelle vous voulez faire l'activit\u00e9.<\/strong><\/p>\n<\/div><\/div>\n\n\n\n<div class=\"wp-block-cover alignfull\" style=\"min-height:135px;aspect-ratio:unset;\"><span aria-hidden=\"true\" class=\"wp-block-cover__background has-base-3-background-color has-background-dim-100 has-background-dim\"><\/span><div class=\"wp-block-cover__inner-container is-layout-flow wp-block-cover-is-layout-flow\">\n<h2 class=\"wp-block-heading has-text-align-center has-base-3-color has-text-color has-background has-medium-font-size\" style=\"background-color:#782dfb;font-style:normal;font-weight:700\">Combien de temps ai-je pour utiliser mon ch\u00e8que-cadeau ou ma r\u00e9servation ?<\/h2>\n\n\n\n<p class=\"has-text-align-center has-contrast-color has-base-3-background-color has-text-color has-background has-link-color has-small-font-size wp-elements-0ef8bb58a0b24335ab61a86d68268cb8\"><strong>Vous disposez de trois mois pour \u00e9changer votre billet ou votre r\u00e9servation, ce qui est suffisant pour r\u00e9aliser l'activit\u00e9.<\/strong><\/p>\n<\/div><\/div>\n\n\n\n<div class=\"wp-block-cover alignfull\" style=\"min-height:135px;aspect-ratio:unset;\"><span aria-hidden=\"true\" class=\"wp-block-cover__background has-base-3-background-color has-background-dim-100 has-background-dim\"><\/span><div class=\"wp-block-cover__inner-container is-layout-flow wp-block-cover-is-layout-flow\">\n<h2 class=\"wp-block-heading has-text-align-center has-base-3-color has-text-color has-background has-medium-font-size\" style=\"background-color:#782dfb;font-style:normal;font-weight:700\">Puis-je prendre l'avion avec ma famille, ma fianc\u00e9e ou mes amis ?<\/h2>\n\n\n\n<p class=\"has-text-align-center has-contrast-color has-base-3-background-color has-text-color has-background has-link-color has-small-font-size wp-elements-8cc4367a8d6279476de627b30cab501b\"><strong>Oui !! Nous pouvons faire voler jusqu'\u00e0 4 parapentes biplaces en m\u00eame temps et partager l'exp\u00e9rience du vol peut \u00eatre tr\u00e8s r\u00e9confortant.<\/strong><\/p>\n<\/div><\/div>\n\n\n\n<div class=\"wp-block-cover alignfull\" style=\"min-height:135px;aspect-ratio:unset;\"><span aria-hidden=\"true\" class=\"wp-block-cover__background has-base-3-background-color has-background-dim-100 has-background-dim\"><\/span><div class=\"wp-block-cover__inner-container is-layout-flow wp-block-cover-is-layout-flow\">\n<h2 class=\"wp-block-heading has-text-align-center has-base-3-color has-text-color has-background has-medium-font-size\" style=\"background-color:#782dfb;font-style:normal;font-weight:700\">Combien co\u00fbte le parapente \u00e0 T\u00e9n\u00e9rife ?<\/h2>\n\n\n\n<p class=\"has-text-align-center has-contrast-color has-base-3-background-color has-text-color has-background has-link-color has-small-font-size wp-elements-9bc94cb48b5585bee0d803b4a496ff8d\"><strong>Le parapente \u00e0 T\u00e9n\u00e9rife varie de 100\u20ac \u00e0 250\u20ac.<\/strong><\/p>\n<\/div><\/div>\n\n\n\n<div class=\"wp-block-cover alignfull\" style=\"min-height:135px;aspect-ratio:unset;\"><span aria-hidden=\"true\" class=\"wp-block-cover__background has-base-3-background-color has-background-dim-100 has-background-dim\"><\/span><div class=\"wp-block-cover__inner-container is-layout-flow wp-block-cover-is-layout-flow\">\n<h2 class=\"wp-block-heading has-text-align-center has-base-3-color has-text-color has-background has-medium-font-size\" style=\"background-color:#782dfb;font-style:normal;font-weight:700\">Quel est le prix de la vid\u00e9o de l'activit\u00e9 ?<\/h2>\n\n\n\n<p class=\"has-text-align-center has-contrast-color has-base-3-background-color has-text-color has-background has-link-color has-small-font-size wp-elements-6f60ac070cb8216e1fe71524d0457d2f\"><strong>L'activit\u00e9 est toujours enti\u00e8rement tax\u00e9e et vous sera offerte \u00e0 la fin de l'activit\u00e9, le co\u00fbt est de 30\u20ac.<\/strong>.<\/p>\n<\/div><\/div>\n\n\n\n<div class=\"wp-block-cover alignfull\" style=\"min-height:135px;aspect-ratio:unset;\"><span aria-hidden=\"true\" class=\"wp-block-cover__background has-base-3-background-color has-background-dim-100 has-background-dim\"><\/span><div class=\"wp-block-cover__inner-container is-layout-flow wp-block-cover-is-layout-flow\">\n<h2 class=\"wp-block-heading has-text-align-center has-base-3-color has-text-color has-background has-medium-font-size\" style=\"background-color:#782dfb;font-style:normal;font-weight:700\">Comment les vid\u00e9os nous sont-elles transmises ?<\/h2>\n\n\n\n<p class=\"has-text-align-center has-contrast-color has-base-3-background-color has-text-color has-background has-link-color has-small-font-size wp-elements-397300bd8577f1677266d307728d561d\"><strong>Les vid\u00e9os seront livr\u00e9es le soir ou le lendemain via un lien qui vous sera envoy\u00e9 par whatsapp.<\/strong> <strong>et vous aurez 15 jours pour les t\u00e9l\u00e9charger autant de fois que vous le souhaitez.<\/strong>.<\/p>\n<\/div><\/div>\n\n\n\n<div class=\"wp-block-cover alignfull\" style=\"min-height:135px;aspect-ratio:unset;\"><span aria-hidden=\"true\" class=\"wp-block-cover__background has-base-3-background-color has-background-dim-100 has-background-dim\"><\/span><div class=\"wp-block-cover__inner-container is-layout-flow wp-block-cover-is-layout-flow\">\n<h2 class=\"wp-block-heading has-text-align-center has-base-3-color has-text-color has-background has-medium-font-size\" style=\"background-color:#782dfb;font-style:normal;font-weight:700\">Est-il possible de faire du parachutisme \u00e0 T\u00e9n\u00e9rife ?<\/h2>\n\n\n\n<p class=\"has-text-align-center has-contrast-color has-base-3-background-color has-text-color has-background has-link-color has-small-font-size wp-elements-59387477aa921d3cbcfb67f81bb9cdec\"><strong>Non, le parachutisme n'est actuellement pas possible \u00e0 T\u00e9n\u00e9riffe en raison de restrictions g\u00e9ographiques et logistiques sur l'\u00eele. La g\u00e9ographie de Tenerife<a href=\"https:\/\/www.ggaparapente.com\/fr\/parapente-tenerife\/saut-en-parachute-tenerife\/\" data-type=\"link\" data-id=\"https:\/\/www.ggaparapente.com\/parapente-tenerife\/paracaidismo-tenerife\/\">  <mark style=\"background-color:rgba(0, 0, 0, 0);color:#782dfb\" class=\"has-inline-color\">Voir plus...<\/mark><\/a><\/strong><\/p>\n<\/div><\/div>\n\n\n\n<div class=\"wp-block-cover alignfull\" style=\"min-height:85px;aspect-ratio:unset;\"><span aria-hidden=\"true\" class=\"wp-block-cover__background has-background-dim-100 has-background-dim\" style=\"background-color:#252628\"><\/span><div class=\"wp-block-cover__inner-container is-layout-flow wp-block-cover-is-layout-flow\">\n<h2 class=\"wp-block-heading has-text-align-center\"><strong>Si vous avez d'autres questions, n'h\u00e9sitez pas \u00e0 nous contacter <\/strong><\/h2>\n\n\n\n<div class=\"wp-block-buttons is-content-justification-center is-layout-flex wp-container-core-buttons-is-layout-16018d1d wp-block-buttons-is-layout-flex\">\n<div class=\"wp-block-button has-custom-font-size is-style-fill has-medium-font-size\"><a class=\"wp-block-button__link has-base-3-color has-text-color has-background wp-element-button\" href=\"https:\/\/api.whatsapp.com\/send\/?phone=34628346948&amp;text=Hola+buenas+me+gustar%C3%ADa+reservar+mi+vuelo+en+parapente&amp;type=phone_number&amp;app_absent=0\" style=\"border-radius:15px;background-color:#782dfb\" target=\"_blank\" rel=\"noopener\"><strong> whatsapp <\/strong><\/a><\/div>\n<\/div>\n<\/div><\/div>","protected":false},"excerpt":{"rendered":"","protected":false},"author":2,"featured_media":0,"parent":0,"menu_order":0,"comment_status":"closed","ping_status":"closed","template":"","meta":{"_monsterinsights_skip_tracking":false,"_monsterinsights_sitenote_active":false,"_monsterinsights_sitenote_note":"","_monsterinsights_sitenote_category":0,"footnotes":""},"class_list":["post-4974","page","type-page","status-publish"],"_links":{"self":[{"href":"https:\/\/www.ggaparapente.com\/fr\/wp-json\/wp\/v2\/pages\/4974","targetHints":{"allow":["GET"]}}],"collection":[{"href":"https:\/\/www.ggaparapente.com\/fr\/wp-json\/wp\/v2\/pages"}],"about":[{"href":"https:\/\/www.ggaparapente.com\/fr\/wp-json\/wp\/v2\/types\/page"}],"author":[{"embeddable":true,"href":"https:\/\/www.ggaparapente.com\/fr\/wp-json\/wp\/v2\/users\/2"}],"replies":[{"embeddable":true,"href":"https:\/\/www.ggaparapente.com\/fr\/wp-json\/wp\/v2\/comments?post=4974"}],"version-history":[{"count":0,"href":"https:\/\/www.ggaparapente.com\/fr\/wp-json\/wp\/v2\/pages\/4974\/revisions"}],"wp:attachment":[{"href":"https:\/\/www.ggaparapente.com\/fr\/wp-json\/wp\/v2\/media?parent=4974"}],"curies":[{"name":"wp","href":"https:\/\/api.w.org\/{rel}","templated":true}]}}