{"id":4974,"date":"2023-01-17T13:59:46","date_gmt":"2023-01-17T13:59:46","guid":{"rendered":"https:\/\/www.ggaparapente.com\/?page_id=4974"},"modified":"2024-08-01T23:13:56","modified_gmt":"2024-08-01T23:13:56","slug":"haufig-gestellte-fragen-vor-dem-gleitschirmfliegen","status":"publish","type":"page","link":"https:\/\/www.ggaparapente.com\/de\/haufig-gestellte-fragen-vor-dem-gleitschirmfliegen\/","title":{"rendered":"Preguntas frecuentes antes de volar en parapente"},"content":{"rendered":"<div class=\"wp-block-cover alignfull has-contrast-color has-text-color has-link-color wp-elements-e8c3f97f3c888405b35ad5f1792a8be7\" style=\"min-height:86px;aspect-ratio:unset;\"><span aria-hidden=\"true\" class=\"wp-block-cover__background has-base-3-background-color has-background-dim-100 has-background-dim\"><\/span><div class=\"wp-block-cover__inner-container is-layout-flow wp-block-cover-is-layout-flow\">\n<h1 class=\"wp-block-heading has-text-align-center has-large-font-size\" style=\"font-style:normal;font-weight:700\">H\u00e4ufig gestellte Fragen <\/h1>\n<\/div><\/div>\n\n\n\n<div class=\"wp-block-cover alignfull\" style=\"min-height:135px;aspect-ratio:unset;\"><span aria-hidden=\"true\" class=\"wp-block-cover__background has-base-3-background-color has-background-dim-100 has-background-dim\"><\/span><div class=\"wp-block-cover__inner-container is-layout-flow wp-block-cover-is-layout-flow\">\n<h2 class=\"wp-block-heading has-text-align-center has-base-3-color has-text-color has-background has-medium-font-size\" style=\"background-color:#782dfb;font-style:normal;font-weight:700\"><strong>Gibt es eine Gewichts-, Alters- oder Gr\u00f6\u00dfenbeschr\u00e4nkung?<\/strong><\/h2>\n\n\n\n<p class=\"has-text-align-center has-contrast-color has-base-3-background-color has-text-color has-background has-link-color has-small-font-size wp-elements-66031ddab2b8d8ff85ade0132bc84983\"><strong>Das Gewicht muss zwischen 20 kg und 100 kg liegen, wobei bei einem Gewicht von \u00fcber 90 kg ein Zuschlag von 30 \u20ac erhoben wird. Es gibt kein Mindestalter, aber das H\u00f6chstalter liegt bei 70 Jahren. Die Mindestgr\u00f6\u00dfe f\u00fcr Kinder betr\u00e4gt 100 cm, die H\u00f6chstgr\u00f6\u00dfe 200 cm.<\/strong><\/p>\n<\/div><\/div>\n\n\n\n<div class=\"wp-block-cover alignfull\" style=\"min-height:135px;aspect-ratio:unset;\"><span aria-hidden=\"true\" class=\"wp-block-cover__background has-base-3-background-color has-background-dim-100 has-background-dim\"><\/span><div class=\"wp-block-cover__inner-container is-layout-flow wp-block-cover-is-layout-flow\">\n<h2 class=\"wp-block-heading has-text-align-center has-base-3-color has-text-color has-background has-medium-font-size\" style=\"background-color:#782dfb;font-style:normal;font-weight:700\">Mir wird leicht schwindlig Kann ich fliegen?<\/h2>\n\n\n\n<p class=\"has-text-align-center has-contrast-color has-base-3-background-color has-text-color has-background has-link-color has-small-font-size wp-elements-720911f1c98e3fe4f4a1bcac8c53e428\"><strong>Schwindelgef\u00fchl ist die typischste Unannehmlichkeit beim Gleitschirmfliegen. Bei ein bis zwei von zehn Personen kann dieses Symptom aufgrund der Art und Weise, wie sich der Gleitschirm durch die Luft bewegt, auftreten. Die Aufregung des Augenblicks und der st\u00e4ndige Blick in die Runde helfen nicht weiter. Das Beste ist, den Blick auf den Horizont zu richten und langsam zu atmen. Wenn Sie einen Gleitschirmflug unternehmen und zu Schwindelgef\u00fchlen neigen, ist es eine gute Idee, eine halbe Stunde vor dem Flug \"Biodramine\" einzunehmen. Unseren Flugg\u00e4sten wird zwar nicht h\u00e4ufig schwindelig, aber wenn Ihnen sehr leicht schwindelig wird, k\u00f6nnen Sie ein Mittel gegen Schwindel einnehmen. Es wird sowohl in Tablettenform als auch als Kaugummi verkauft und es ist ratsam, das Mittel mit Koffein zu kaufen, da es etwas schl\u00e4frig macht, aber keine Sorge... Sie werden beim Gleitschirmfliegen nicht einschlafen!<\/strong><\/p>\n<\/div><\/div>\n\n\n\n<div class=\"wp-block-cover alignfull\" style=\"min-height:135px;aspect-ratio:unset;\"><span aria-hidden=\"true\" class=\"wp-block-cover__background has-base-3-background-color has-background-dim-100 has-background-dim\"><\/span><div class=\"wp-block-cover__inner-container is-layout-flow wp-block-cover-is-layout-flow\">\n<h2 class=\"wp-block-heading has-text-align-center has-base-3-color has-text-color has-background has-medium-font-size\" style=\"background-color:#782dfb;font-style:normal;font-weight:700\">Ich habe H\u00f6henangst KANN ICH FLIEGEN?<\/h2>\n\n\n\n<p class=\"has-text-align-center has-contrast-color has-base-3-background-color has-text-color has-background has-link-color has-small-font-size wp-elements-4f0587b6aee69e76b4e6d4b5a3727b21\"><strong>Nat\u00fcrlich ist er das! Schwindel wird oft mit H\u00f6henangst verwechselt. Bei H\u00f6henangst verlieren wir das Gleichgewicht und damit das Gef\u00fchl der Sicherheit, wenn wir von einem hohen Ort aus nach oben schauen. Da wir keine Bezugspunkte in der N\u00e4he haben, tritt dieses unangenehme Ph\u00e4nomen auf. Aber beim Gleitschirmfliegen nehmen wir von Anfang an eine sitzende Position ein, so dass wir kein Gleichgewicht brauchen und dieses Gef\u00fchl der Unsicherheit nicht auftritt. Alle unsere Passagiere erleben dies jeden Tag und sind angenehm \u00fcberrascht. Das ist nicht der Fall, wenn Sie eine H\u00f6henphobie haben. Wenn das bei Ihnen der Fall ist, ist es besser, auf festem Boden zu bleiben...<\/strong><\/p>\n<\/div><\/div>\n\n\n\n<div class=\"wp-block-cover alignfull\" style=\"min-height:135px;aspect-ratio:unset;\"><span aria-hidden=\"true\" class=\"wp-block-cover__background has-base-3-background-color has-background-dim-100 has-background-dim\"><\/span><div class=\"wp-block-cover__inner-container is-layout-flow wp-block-cover-is-layout-flow\">\n<h2 class=\"wp-block-heading has-text-align-center has-base-3-color has-text-color has-background has-medium-font-size\" style=\"background-color:#782dfb;font-style:normal;font-weight:700\">Kann ich nach dem Tauchen Gleitschirmfliegen?<\/h2>\n\n\n\n<p class=\"has-text-align-center has-contrast-color has-base-3-background-color has-text-color has-background has-link-color has-small-font-size wp-elements-c64d27c6297e993323da946ecd19cf7c\"><strong>Ja!!!, solange der Tauchgang nicht mehr als 10m betr\u00e4gt, falls der Tauchgang mehr als 10m betr\u00e4gt, muss er mindestens 24 Stunden vor der Aktivit\u00e4t stattfinden.<\/strong><\/p>\n<\/div><\/div>\n\n\n\n<div class=\"wp-block-cover alignfull\" style=\"min-height:135px;aspect-ratio:unset;\"><span aria-hidden=\"true\" class=\"wp-block-cover__background has-base-3-background-color has-background-dim-100 has-background-dim\"><\/span><div class=\"wp-block-cover__inner-container is-layout-flow wp-block-cover-is-layout-flow\">\n<h2 class=\"wp-block-heading has-text-align-center has-base-3-color has-text-color has-background has-medium-font-size\" style=\"background-color:#782dfb;font-style:normal;font-weight:700\">Welche Kleidung sollte ich tragen?<\/h2>\n\n\n\n<p class=\"has-text-align-center has-contrast-color has-base-3-background-color has-text-color has-background has-link-color has-small-font-size wp-elements-a75c2163c1936145ce0b1059aa0a1008\"><strong>Es ist immer ratsam, bequeme Sportkleidung zu tragen, Sportschuhe und eine Sonnenbrille sind unerl\u00e4sslich. Im Sommer ist eine Windjacke oder ein d\u00fcnner Mantel, z. B. ein Fleece, kaum notwendig. Im Winter ist es am besten, warme Kleidung zu tragen und die Handschuhe nicht zu vergessen! Zwischen den Jahreszeiten ist es besser, zu viel zu tragen als zu wenig. Ein winddichter Mantel und eine lange Hose.<\/strong><\/p>\n<\/div><\/div>\n\n\n\n<div class=\"wp-block-cover alignfull\" style=\"min-height:135px;aspect-ratio:unset;\"><span aria-hidden=\"true\" class=\"wp-block-cover__background has-base-3-background-color has-background-dim-100 has-background-dim\"><\/span><div class=\"wp-block-cover__inner-container is-layout-flow wp-block-cover-is-layout-flow\">\n<h2 class=\"wp-block-heading has-text-align-center has-base-3-color has-text-color has-background has-medium-font-size\" style=\"background-color:#782dfb;font-style:normal;font-weight:700\">Wo kann ich auf Teneriffa paragliden?<\/h2>\n\n\n\n<p class=\"has-text-align-center has-contrast-color has-base-3-background-color has-text-color has-background has-link-color has-small-font-size wp-elements-0927f4c3511f648e4b9bc778ac6f768c\"><strong>Auf Teneriffa gibt es unz\u00e4hlige Startpl\u00e4tze auf der ganzen Insel, der sch\u00f6nste und symboltr\u00e4chtigste ist der Teide-Flug, der von den Teide-Schluchten ausgeht und der am meisten f\u00fcr Tandemfl\u00fcge empfohlen wird. F\u00fcr Gleitschirmflieger, die die Insel besuchen.<\/strong><a href=\"https:\/\/www.ggaparapente.com\/de\/gleitschirmfliegen-teneriffa\/gleitschirmflugplatze-auf-teneriffa\/\" data-type=\"URL\" data-id=\"https:\/\/www.ggaparapente.com\/parapente-tenerife\/zonas-de-vuelo-en-parapente-en-tenerife\/\">siehe Abfl\u00fcge<\/a> <\/p>\n<\/div><\/div>\n\n\n\n<div class=\"wp-block-cover alignfull\" style=\"min-height:135px;aspect-ratio:unset;\"><span aria-hidden=\"true\" class=\"wp-block-cover__background has-base-3-background-color has-background-dim-100 has-background-dim\"><\/span><div class=\"wp-block-cover__inner-container is-layout-flow wp-block-cover-is-layout-flow\">\n<h2 class=\"wp-block-heading has-text-align-center has-base-3-color has-text-color has-background has-medium-font-size\" style=\"background-color:#782dfb;font-style:normal;font-weight:700\">Welche Sicherheitsma\u00dfnahmen ergreifen wir?<\/h2>\n\n\n\n<p class=\"has-text-align-center has-contrast-color has-base-3-background-color has-text-color has-background has-link-color has-small-font-size wp-elements-1f21ab6f679d96b3a5ca3c1ed5c786c5\"><strong>An erster Stelle steht der gesunde Menschenverstand. Wir fliegen mit Passagieren, die Sicherheitsmargen, die wir annehmen, sind viel gr\u00f6\u00dfer als wenn wir alleine fliegen. Wir werden nie bei Wetterbedingungen fliegen, die wir nicht mit Leichtigkeit meistern k\u00f6nnen. Unsere Ausr\u00fcstung ist modern, sie wird systematisch alle 2 Jahre ausgetauscht, so dass wir immer \u00fcber Ausr\u00fcstung in perfektem Zustand und mit den besten Leistungen auf dem Markt verf\u00fcgen. Sie wird regelm\u00e4\u00dfig \u00fcberpr\u00fcft. Wir sind eine Gleitschirmwerkstatt und verf\u00fcgen daher \u00fcber alle Werkzeuge und Kenntnisse f\u00fcr die perfekte Wartung unserer Ausr\u00fcstung. Fallschirm f\u00fcr den Notfall. Alle unsere Ausr\u00fcstungen haben einen eingebauten Notschirm. F\u00fcr den Fall, dass alles schief geht, gibt es immer eine zweite Chance, aber keine Sorge, bis heute haben wir ihn noch nie gebraucht.<\/strong><\/p>\n<\/div><\/div>\n\n\n\n<div class=\"wp-block-cover alignfull\" style=\"min-height:135px;aspect-ratio:unset;\"><span aria-hidden=\"true\" class=\"wp-block-cover__background has-base-3-background-color has-background-dim-100 has-background-dim\"><\/span><div class=\"wp-block-cover__inner-container is-layout-flow wp-block-cover-is-layout-flow\">\n<h2 class=\"wp-block-heading has-text-align-center has-base-3-color has-text-color has-background has-medium-font-size\" style=\"background-color:#782dfb;font-style:normal;font-weight:700\">Was passiert, wenn das Wetter am Tag meines Fluges schlecht ist?<\/h2>\n\n\n\n<p class=\"has-text-align-center has-contrast-color has-base-3-background-color has-text-color has-background has-link-color has-small-font-size wp-elements-8f6032a77e3b7c7377a0c73b00366012\"><strong>Es ist m\u00f6glich, dass die Aktivit\u00e4ten an einigen Tagen aus Sicherheits- oder Qualit\u00e4tsgr\u00fcnden abgesagt werden m\u00fcssen. Bei starkem Wind ist das Gleitschirmfliegen weder angenehm noch sicher, deshalb schicken wir Ihnen eine Absage per Whatsapp und schlagen Ihnen alternative Termine vor. Alle unsere Buchungen sind drei Monate ab dem Zeitpunkt des Vertragsabschlusses g\u00fcltig, in dieser Zeit k\u00f6nnen Sie Ihren Flug buchen, wann immer Sie m\u00f6chten.<\/strong><\/p>\n<\/div><\/div>\n\n\n\n<div class=\"wp-block-cover alignfull\" style=\"min-height:135px;aspect-ratio:unset;\"><span aria-hidden=\"true\" class=\"wp-block-cover__background has-base-3-background-color has-background-dim-100 has-background-dim\"><\/span><div class=\"wp-block-cover__inner-container is-layout-flow wp-block-cover-is-layout-flow\">\n<h2 class=\"wp-block-heading has-text-align-center has-base-3-color has-text-color has-background has-medium-font-size\" style=\"background-color:#782dfb;font-style:normal;font-weight:700\">Einmal beim Abflug?<\/h2>\n\n\n\n<p class=\"has-text-align-center has-contrast-color has-base-3-background-color has-text-color has-background has-link-color has-small-font-size wp-elements-f1238c108b99df3ccf53d515cf86bd5e\"><strong>Oben im Startbereich erhalten Sie von Ihrem Fluglehrer eine Einweisung in Start, Flug und Landung. Wenn Sie alles verstanden haben, wird Ihr Lehrer Sie fragen, ob Sie bereit sind zu fliegen! Genie\u00dfen Sie Ihren Paragliding-Flug.<\/strong><\/p>\n<\/div><\/div>\n\n\n\n<div class=\"wp-block-cover alignfull\" style=\"min-height:135px;aspect-ratio:unset;\"><span aria-hidden=\"true\" class=\"wp-block-cover__background has-base-3-background-color has-background-dim-100 has-background-dim\"><\/span><div class=\"wp-block-cover__inner-container is-layout-flow wp-block-cover-is-layout-flow\">\n<h2 class=\"wp-block-heading has-text-align-center has-base-3-color has-text-color has-background has-medium-font-size\" style=\"background-color:#782dfb;font-style:normal;font-weight:700\">Sobald die Zahlung erfolgt ist?<\/h2>\n\n\n\n<p class=\"has-text-align-center has-contrast-color has-base-3-background-color has-text-color has-background has-link-color has-small-font-size wp-elements-96394d3b795c90eb9bdd26c336e49003\"><strong>Kontaktieren Sie uns einfach per Whatsapp, teilen Sie uns die Zahlungsmethode mit, die Sie gew\u00e4hlt haben. Wenn Sie per Bank\u00fcberweisung gezahlt haben, werden wir Sie um einen Zahlungsnachweis bitten, wenn Sie mit einer anderen Zahlungsmethode gezahlt haben, werden wir einfach \u00fcberpr\u00fcfen, ob die Zahlung erfolgt ist, und Sie nach dem Datum und der Uhrzeit fragen, zu der Sie die Aktivit\u00e4t durchf\u00fchren m\u00f6chten.<\/strong><\/p>\n<\/div><\/div>\n\n\n\n<div class=\"wp-block-cover alignfull\" style=\"min-height:135px;aspect-ratio:unset;\"><span aria-hidden=\"true\" class=\"wp-block-cover__background has-base-3-background-color has-background-dim-100 has-background-dim\"><\/span><div class=\"wp-block-cover__inner-container is-layout-flow wp-block-cover-is-layout-flow\">\n<h2 class=\"wp-block-heading has-text-align-center has-base-3-color has-text-color has-background has-medium-font-size\" style=\"background-color:#782dfb;font-style:normal;font-weight:700\">Wie lange habe ich Zeit, meinen Geschenkgutschein oder meine Reservierung einzul\u00f6sen?<\/h2>\n\n\n\n<p class=\"has-text-align-center has-contrast-color has-base-3-background-color has-text-color has-background has-link-color has-small-font-size wp-elements-0ef8bb58a0b24335ab61a86d68268cb8\"><strong>Sie haben drei Monate Zeit, um Ihr Ticket oder Ihre Reservierung einzul\u00f6sen, was ausreichend Zeit ist, um die Aktivit\u00e4t zu beenden.<\/strong><\/p>\n<\/div><\/div>\n\n\n\n<div class=\"wp-block-cover alignfull\" style=\"min-height:135px;aspect-ratio:unset;\"><span aria-hidden=\"true\" class=\"wp-block-cover__background has-base-3-background-color has-background-dim-100 has-background-dim\"><\/span><div class=\"wp-block-cover__inner-container is-layout-flow wp-block-cover-is-layout-flow\">\n<h2 class=\"wp-block-heading has-text-align-center has-base-3-color has-text-color has-background has-medium-font-size\" style=\"background-color:#782dfb;font-style:normal;font-weight:700\">Kann ich mit meiner FAMILIE, meiner Braut oder meinen Freunden fliegen?<\/h2>\n\n\n\n<p class=\"has-text-align-center has-contrast-color has-base-3-background-color has-text-color has-background has-link-color has-small-font-size wp-elements-8cc4367a8d6279476de627b30cab501b\"><strong>Ja!! Wir k\u00f6nnen bis zu 4 Tandem-Gleitschirme gleichzeitig fliegen und das gemeinsame Erlebnis des Fliegens kann sehr beruhigend sein.<\/strong><\/p>\n<\/div><\/div>\n\n\n\n<div class=\"wp-block-cover alignfull\" style=\"min-height:135px;aspect-ratio:unset;\"><span aria-hidden=\"true\" class=\"wp-block-cover__background has-base-3-background-color has-background-dim-100 has-background-dim\"><\/span><div class=\"wp-block-cover__inner-container is-layout-flow wp-block-cover-is-layout-flow\">\n<h2 class=\"wp-block-heading has-text-align-center has-base-3-color has-text-color has-background has-medium-font-size\" style=\"background-color:#782dfb;font-style:normal;font-weight:700\">Wie viel kostet das Gleitschirmfliegen auf Teneriffa?<\/h2>\n\n\n\n<p class=\"has-text-align-center has-contrast-color has-base-3-background-color has-text-color has-background has-link-color has-small-font-size wp-elements-9bc94cb48b5585bee0d803b4a496ff8d\"><strong>Gleitschirmfliegen auf Teneriffa kostet zwischen 100\u20ac und 250\u20ac.<\/strong><\/p>\n<\/div><\/div>\n\n\n\n<div class=\"wp-block-cover alignfull\" style=\"min-height:135px;aspect-ratio:unset;\"><span aria-hidden=\"true\" class=\"wp-block-cover__background has-base-3-background-color has-background-dim-100 has-background-dim\"><\/span><div class=\"wp-block-cover__inner-container is-layout-flow wp-block-cover-is-layout-flow\">\n<h2 class=\"wp-block-heading has-text-align-center has-base-3-color has-text-color has-background has-medium-font-size\" style=\"background-color:#782dfb;font-style:normal;font-weight:700\">Wie hoch ist der Preis f\u00fcr das Video der Aktivit\u00e4t?<\/h2>\n\n\n\n<p class=\"has-text-align-center has-contrast-color has-base-3-background-color has-text-color has-background has-link-color has-small-font-size wp-elements-6f60ac070cb8216e1fe71524d0457d2f\"><strong>Die Aktivit\u00e4t ist immer voll versteuert und wird Ihnen am Ende der Aktivit\u00e4t angeboten, die Kosten betragen 30\u20ac.<\/strong>.<\/p>\n<\/div><\/div>\n\n\n\n<div class=\"wp-block-cover alignfull\" style=\"min-height:135px;aspect-ratio:unset;\"><span aria-hidden=\"true\" class=\"wp-block-cover__background has-base-3-background-color has-background-dim-100 has-background-dim\"><\/span><div class=\"wp-block-cover__inner-container is-layout-flow wp-block-cover-is-layout-flow\">\n<h2 class=\"wp-block-heading has-text-align-center has-base-3-color has-text-color has-background has-medium-font-size\" style=\"background-color:#782dfb;font-style:normal;font-weight:700\">Wie werden die Videos an uns weitergeleitet?<\/h2>\n\n\n\n<p class=\"has-text-align-center has-contrast-color has-base-3-background-color has-text-color has-background has-link-color has-small-font-size wp-elements-397300bd8577f1677266d307728d561d\"><strong>Die Videos werden entweder am Abend oder am n\u00e4chsten Tag \u00fcber einen per Whatsapp zugesandten Link zugestellt.<\/strong> <strong>und Sie haben 15 Tage Zeit, sie so oft herunterzuladen, wie Sie wollen.<\/strong>.<\/p>\n<\/div><\/div>\n\n\n\n<div class=\"wp-block-cover alignfull\" style=\"min-height:135px;aspect-ratio:unset;\"><span aria-hidden=\"true\" class=\"wp-block-cover__background has-base-3-background-color has-background-dim-100 has-background-dim\"><\/span><div class=\"wp-block-cover__inner-container is-layout-flow wp-block-cover-is-layout-flow\">\n<h2 class=\"wp-block-heading has-text-align-center has-base-3-color has-text-color has-background has-medium-font-size\" style=\"background-color:#782dfb;font-style:normal;font-weight:700\">Ist es m\u00f6glich, auf Teneriffa Fallschirmspringen zu gehen?<\/h2>\n\n\n\n<p class=\"has-text-align-center has-contrast-color has-base-3-background-color has-text-color has-background has-link-color has-small-font-size wp-elements-59387477aa921d3cbcfb67f81bb9cdec\"><strong>Nein, Fallschirmspringen ist derzeit auf Teneriffa aufgrund der geografischen und logistischen Beschr\u00e4nkungen der Insel nicht m\u00f6glich. Die Geographie von Teneriffa<a href=\"https:\/\/www.ggaparapente.com\/de\/gleitschirmfliegen-teneriffa\/fallschirmspringen-teneriffa\/\" data-type=\"link\" data-id=\"https:\/\/www.ggaparapente.com\/parapente-tenerife\/paracaidismo-tenerife\/\">  <mark style=\"background-color:rgba(0, 0, 0, 0);color:#782dfb\" class=\"has-inline-color\">Mehr sehen...<\/mark><\/a><\/strong><\/p>\n<\/div><\/div>\n\n\n\n<div class=\"wp-block-cover alignfull\" style=\"min-height:85px;aspect-ratio:unset;\"><span aria-hidden=\"true\" class=\"wp-block-cover__background has-background-dim-100 has-background-dim\" style=\"background-color:#252628\"><\/span><div class=\"wp-block-cover__inner-container is-layout-flow wp-block-cover-is-layout-flow\">\n<h2 class=\"wp-block-heading has-text-align-center\"><strong>Wenn Sie weitere Fragen haben, kontaktieren Sie uns bitte <\/strong><\/h2>\n\n\n\n<div class=\"wp-block-buttons is-content-justification-center is-layout-flex wp-container-core-buttons-is-layout-16018d1d wp-block-buttons-is-layout-flex\">\n<div class=\"wp-block-button has-custom-font-size is-style-fill has-medium-font-size\"><a class=\"wp-block-button__link has-base-3-color has-text-color has-background wp-element-button\" href=\"https:\/\/api.whatsapp.com\/send\/?phone=34628346948&amp;text=Hola+buenas+me+gustar%C3%ADa+reservar+mi+vuelo+en+parapente&amp;type=phone_number&amp;app_absent=0\" style=\"border-radius:15px;background-color:#782dfb\" target=\"_blank\" rel=\"noopener\"><strong> whatsapp <\/strong><\/a><\/div>\n<\/div>\n<\/div><\/div>","protected":false},"excerpt":{"rendered":"","protected":false},"author":2,"featured_media":0,"parent":0,"menu_order":0,"comment_status":"closed","ping_status":"closed","template":"","meta":{"_monsterinsights_skip_tracking":false,"_monsterinsights_sitenote_active":false,"_monsterinsights_sitenote_note":"","_monsterinsights_sitenote_category":0,"footnotes":""},"class_list":["post-4974","page","type-page","status-publish"],"_links":{"self":[{"href":"https:\/\/www.ggaparapente.com\/de\/wp-json\/wp\/v2\/pages\/4974","targetHints":{"allow":["GET"]}}],"collection":[{"href":"https:\/\/www.ggaparapente.com\/de\/wp-json\/wp\/v2\/pages"}],"about":[{"href":"https:\/\/www.ggaparapente.com\/de\/wp-json\/wp\/v2\/types\/page"}],"author":[{"embeddable":true,"href":"https:\/\/www.ggaparapente.com\/de\/wp-json\/wp\/v2\/users\/2"}],"replies":[{"embeddable":true,"href":"https:\/\/www.ggaparapente.com\/de\/wp-json\/wp\/v2\/comments?post=4974"}],"version-history":[{"count":0,"href":"https:\/\/www.ggaparapente.com\/de\/wp-json\/wp\/v2\/pages\/4974\/revisions"}],"wp:attachment":[{"href":"https:\/\/www.ggaparapente.com\/de\/wp-json\/wp\/v2\/media?parent=4974"}],"curies":[{"name":"wp","href":"https:\/\/api.w.org\/{rel}","templated":true}]}}